{"id":2092,"date":"2023-10-12T16:06:12","date_gmt":"2023-10-12T15:06:12","guid":{"rendered":"https:\/\/www.moto-boutique-valais.ch\/prodotti\/caschi\/"},"modified":"2025-03-31T12:20:43","modified_gmt":"2025-03-31T11:20:43","slug":"caschi","status":"publish","type":"page","link":"https:\/\/moto-boutique-valais.ch\/it\/prodotti\/caschi\/","title":{"rendered":"Caschi"},"content":{"rendered":"\t\t<div data-elementor-type=\"wp-page\" data-elementor-id=\"2092\" class=\"elementor elementor-2092 elementor-825\" data-elementor-post-type=\"page\">\n\t\t\t\t<div class=\"elementor-element elementor-element-2589d527 e-con-full e-flex e-con e-parent\" data-id=\"2589d527\" data-element_type=\"container\" data-e-type=\"container\">\n\t\t\t\t<div class=\"elementor-element elementor-element-4fd8377c elementor-widget elementor-widget-text-editor\" data-id=\"4fd8377c\" data-element_type=\"widget\" data-e-type=\"widget\" data-widget_type=\"text-editor.default\">\n\t\t\t\t<div class=\"elementor-widget-container\">\n\t\t\t\t\t\t\t\t\t<p>Il casco \u00e8 indispensabile quando si guida una moto perch\u00e9 fornisce una protezione essenziale per la parte pi\u00f9 sensibile del corpo: la testa. In caso di caduta, possono prevenire gravi lesioni o addirittura conseguenze fatali. Proteggono inoltre dal vento e dalle intemperie, nonch\u00e9 dagli insetti e dallo sporco che possono penetrare nel viso durante il viaggio.<\/p>\n\n<p>Un buon casco pu\u00f2 quindi non solo salvare vite umane, ma anche aumentare notevolmente il comfort di guida. La scelta del casco deve quindi essere fatta con attenzione per godere della libert\u00e0 su due ruote in modo sicuro e protetto.<\/p>\n\n<p>Offriamo la migliore gamma di caschi in Svizzera!<\/p>\n\t\t\t\t\t\t\t\t<\/div>\n\t\t\t\t<\/div>\n\t\t<div class=\"elementor-element elementor-element-d70723f e-flex e-con-boxed e-con e-child\" data-id=\"d70723f\" data-element_type=\"container\" data-e-type=\"container\">\n\t\t\t\t\t<div class=\"e-con-inner\">\n\t\t<div class=\"elementor-element elementor-element-1842348 e-con-full e-flex e-con e-child\" data-id=\"1842348\" data-element_type=\"container\" data-e-type=\"container\">\n\t\t\t\t<div class=\"elementor-element elementor-element-056c899 elementor-widget elementor-widget-image\" data-id=\"056c899\" data-element_type=\"widget\" data-e-type=\"widget\" data-widget_type=\"image.default\">\n\t\t\t\t<div class=\"elementor-widget-container\">\n\t\t\t\t\t\t\t\t\t\t\t\t\t\t\t<img fetchpriority=\"high\" decoding=\"async\" width=\"300\" height=\"300\" src=\"https:\/\/moto-boutique-valais.ch\/wp-content\/uploads\/2023\/10\/schuberth-logo.png\" class=\"attachment-medium size-medium wp-image-859\" alt=\"Logo Schuberth\" srcset=\"https:\/\/moto-boutique-valais.ch\/wp-content\/uploads\/2023\/10\/schuberth-logo.png 300w, https:\/\/moto-boutique-valais.ch\/wp-content\/uploads\/2023\/10\/schuberth-logo-150x150.png 150w\" sizes=\"(max-width: 300px) 100vw, 300px\" \/>\t\t\t\t\t\t\t\t\t\t\t\t\t\t\t<\/div>\n\t\t\t\t<\/div>\n\t\t\t\t<\/div>\n\t\t<div class=\"elementor-element elementor-element-2306ce7 e-con-full e-flex e-con e-child\" data-id=\"2306ce7\" data-element_type=\"container\" data-e-type=\"container\">\n\t\t\t\t<div class=\"elementor-element elementor-element-4a4b7cd elementor-widget elementor-widget-heading\" data-id=\"4a4b7cd\" data-element_type=\"widget\" data-e-type=\"widget\" data-widget_type=\"heading.default\">\n\t\t\t\t<div class=\"elementor-widget-container\">\n\t\t\t\t\t<h5 class=\"elementor-heading-title elementor-size-default\">Schuberth<\/h5>\t\t\t\t<\/div>\n\t\t\t\t<\/div>\n\t\t\t\t<div class=\"elementor-element elementor-element-5bafb86 elementor-widget elementor-widget-text-editor\" data-id=\"5bafb86\" data-element_type=\"widget\" data-e-type=\"widget\" data-widget_type=\"text-editor.default\">\n\t\t\t\t<div class=\"elementor-widget-container\">\n\t\t\t\t\t\t\t\t\t<p>Schuberth offre protezioni per la testa di alta qualit\u00e0 per corridori, lavoratori e avventurieri. Con attenzione ai dettagli e senza compromessi. Un&#8217;avventura quotidiana per chi \u00e8 alla ricerca di sfide.<\/p>\n\t\t\t\t\t\t\t\t<\/div>\n\t\t\t\t<\/div>\n\t\t\t\t<\/div>\n\t\t<div class=\"elementor-element elementor-element-a6567b6 e-con-full e-flex e-con e-child\" data-id=\"a6567b6\" data-element_type=\"container\" data-e-type=\"container\">\n\t\t\t\t<div class=\"elementor-element elementor-element-f8424c0 elementor-widget elementor-widget-image\" data-id=\"f8424c0\" data-element_type=\"widget\" data-e-type=\"widget\" data-widget_type=\"image.default\">\n\t\t\t\t<div class=\"elementor-widget-container\">\n\t\t\t\t\t\t\t\t\t\t\t\t\t\t\t<img decoding=\"async\" width=\"300\" height=\"300\" src=\"https:\/\/moto-boutique-valais.ch\/wp-content\/uploads\/2023\/10\/CABERG-Logo.png\" class=\"attachment-medium size-medium wp-image-952\" alt=\"Logo CABERG\" srcset=\"https:\/\/moto-boutique-valais.ch\/wp-content\/uploads\/2023\/10\/CABERG-Logo.png 300w, https:\/\/moto-boutique-valais.ch\/wp-content\/uploads\/2023\/10\/CABERG-Logo-150x150.png 150w\" sizes=\"(max-width: 300px) 100vw, 300px\" \/>\t\t\t\t\t\t\t\t\t\t\t\t\t\t\t<\/div>\n\t\t\t\t<\/div>\n\t\t\t\t<\/div>\n\t\t<div class=\"elementor-element elementor-element-c61b033 e-con-full e-flex e-con e-child\" data-id=\"c61b033\" data-element_type=\"container\" data-e-type=\"container\">\n\t\t\t\t<div class=\"elementor-element elementor-element-8cdd136 elementor-widget elementor-widget-heading\" data-id=\"8cdd136\" data-element_type=\"widget\" data-e-type=\"widget\" data-widget_type=\"heading.default\">\n\t\t\t\t<div class=\"elementor-widget-container\">\n\t\t\t\t\t<h5 class=\"elementor-heading-title elementor-size-default\">Caberg<\/h5>\t\t\t\t<\/div>\n\t\t\t\t<\/div>\n\t\t\t\t<div class=\"elementor-element elementor-element-40cb0a1 elementor-widget elementor-widget-text-editor\" data-id=\"40cb0a1\" data-element_type=\"widget\" data-e-type=\"widget\" data-widget_type=\"text-editor.default\">\n\t\t\t\t<div class=\"elementor-widget-container\">\n\t\t\t\t\t\t\t\t\t<p>Caberg \u00e8 un&#8217;azienda italiana che produce caschi dal 1974. Combina una ricca storia con una cultura dell&#8217;innovazione e della sicurezza.<\/p>\n\t\t\t\t\t\t\t\t<\/div>\n\t\t\t\t<\/div>\n\t\t\t\t<\/div>\n\t\t\t\t\t<\/div>\n\t\t\t\t<\/div>\n\t\t<div class=\"elementor-element elementor-element-60429f3 e-flex e-con-boxed e-con e-child\" data-id=\"60429f3\" data-element_type=\"container\" data-e-type=\"container\">\n\t\t\t\t\t<div class=\"e-con-inner\">\n\t\t<div class=\"elementor-element elementor-element-3875a5c e-con-full e-flex e-con e-child\" data-id=\"3875a5c\" data-element_type=\"container\" data-e-type=\"container\">\n\t\t\t\t<div class=\"elementor-element elementor-element-3ae524c elementor-widget elementor-widget-image\" data-id=\"3ae524c\" data-element_type=\"widget\" data-e-type=\"widget\" data-widget_type=\"image.default\">\n\t\t\t\t<div class=\"elementor-widget-container\">\n\t\t\t\t\t\t\t\t\t\t\t\t\t\t\t<img decoding=\"async\" width=\"300\" height=\"300\" src=\"https:\/\/moto-boutique-valais.ch\/wp-content\/uploads\/2023\/10\/NOLAN-Logo.png\" class=\"attachment-medium size-medium wp-image-957\" alt=\"logo Nolan\" srcset=\"https:\/\/moto-boutique-valais.ch\/wp-content\/uploads\/2023\/10\/NOLAN-Logo.png 300w, https:\/\/moto-boutique-valais.ch\/wp-content\/uploads\/2023\/10\/NOLAN-Logo-150x150.png 150w\" sizes=\"(max-width: 300px) 100vw, 300px\" \/>\t\t\t\t\t\t\t\t\t\t\t\t\t\t\t<\/div>\n\t\t\t\t<\/div>\n\t\t\t\t<\/div>\n\t\t<div class=\"elementor-element elementor-element-099ca81 e-con-full e-flex e-con e-child\" data-id=\"099ca81\" data-element_type=\"container\" data-e-type=\"container\">\n\t\t\t\t<div class=\"elementor-element elementor-element-9e09015 elementor-widget elementor-widget-heading\" data-id=\"9e09015\" data-element_type=\"widget\" data-e-type=\"widget\" data-widget_type=\"heading.default\">\n\t\t\t\t<div class=\"elementor-widget-container\">\n\t\t\t\t\t<h5 class=\"elementor-heading-title elementor-size-default\">Nolan<\/h5>\t\t\t\t<\/div>\n\t\t\t\t<\/div>\n\t\t\t\t<div class=\"elementor-element elementor-element-d040d68 elementor-widget elementor-widget-text-editor\" data-id=\"d040d68\" data-element_type=\"widget\" data-e-type=\"widget\" data-widget_type=\"text-editor.default\">\n\t\t\t\t<div class=\"elementor-widget-container\">\n\t\t\t\t\t\t\t\t\t<p>Nolan \u00e8 il pi\u00f9 grande produttore europeo di caschi e produce tutti i suoi prodotti in Italia. L&#8217;azienda offre un&#8217;ampia gamma di caschi e sistemi di comunicazione.<\/p>\n\t\t\t\t\t\t\t\t<\/div>\n\t\t\t\t<\/div>\n\t\t\t\t<\/div>\n\t\t<div class=\"elementor-element elementor-element-fce87b6 e-con-full e-flex e-con e-child\" data-id=\"fce87b6\" data-element_type=\"container\" data-e-type=\"container\">\n\t\t\t\t<div class=\"elementor-element elementor-element-ac8feb0 elementor-widget elementor-widget-image\" data-id=\"ac8feb0\" data-element_type=\"widget\" data-e-type=\"widget\" data-widget_type=\"image.default\">\n\t\t\t\t<div class=\"elementor-widget-container\">\n\t\t\t\t\t\t\t\t\t\t\t\t\t\t\t<img loading=\"lazy\" decoding=\"async\" width=\"300\" height=\"300\" src=\"https:\/\/moto-boutique-valais.ch\/wp-content\/uploads\/2023\/10\/Shoei-Logo.png\" class=\"attachment-medium size-medium wp-image-961\" alt=\"Logo Shoei\" srcset=\"https:\/\/moto-boutique-valais.ch\/wp-content\/uploads\/2023\/10\/Shoei-Logo.png 300w, https:\/\/moto-boutique-valais.ch\/wp-content\/uploads\/2023\/10\/Shoei-Logo-150x150.png 150w\" sizes=\"(max-width: 300px) 100vw, 300px\" \/>\t\t\t\t\t\t\t\t\t\t\t\t\t\t\t<\/div>\n\t\t\t\t<\/div>\n\t\t\t\t<\/div>\n\t\t<div class=\"elementor-element elementor-element-f044014 e-con-full e-flex e-con e-child\" data-id=\"f044014\" data-element_type=\"container\" data-e-type=\"container\">\n\t\t\t\t<div class=\"elementor-element elementor-element-a553abf elementor-widget elementor-widget-heading\" data-id=\"a553abf\" data-element_type=\"widget\" data-e-type=\"widget\" data-widget_type=\"heading.default\">\n\t\t\t\t<div class=\"elementor-widget-container\">\n\t\t\t\t\t<h5 class=\"elementor-heading-title elementor-size-default\">Shoei<\/h5>\t\t\t\t<\/div>\n\t\t\t\t<\/div>\n\t\t\t\t<div class=\"elementor-element elementor-element-b50367c elementor-widget elementor-widget-text-editor\" data-id=\"b50367c\" data-element_type=\"widget\" data-e-type=\"widget\" data-widget_type=\"text-editor.default\">\n\t\t\t\t<div class=\"elementor-widget-container\">\n\t\t\t\t\t\t\t\t\t<p>Shoei \u00e8 sinonimo di qualit\u00e0 superiore nel mercato dei caschi da moto. Ogni casco \u00e8 realizzato a mano in Giappone e combina tecnologie all&#8217;avanguardia con decenni di esperienza.<\/p>\n\t\t\t\t\t\t\t\t<\/div>\n\t\t\t\t<\/div>\n\t\t\t\t<\/div>\n\t\t\t\t\t<\/div>\n\t\t\t\t<\/div>\n\t\t<div class=\"elementor-element elementor-element-22fd0a9 e-flex e-con-boxed e-con e-child\" data-id=\"22fd0a9\" data-element_type=\"container\" data-e-type=\"container\">\n\t\t\t\t\t<div class=\"e-con-inner\">\n\t\t<div class=\"elementor-element elementor-element-336f9c4 e-con-full e-flex e-con e-child\" data-id=\"336f9c4\" data-element_type=\"container\" data-e-type=\"container\">\n\t\t\t\t<div class=\"elementor-element elementor-element-fd18c5d elementor-widget elementor-widget-image\" data-id=\"fd18c5d\" data-element_type=\"widget\" data-e-type=\"widget\" data-widget_type=\"image.default\">\n\t\t\t\t<div class=\"elementor-widget-container\">\n\t\t\t\t\t\t\t\t\t\t\t\t\t\t\t<img loading=\"lazy\" decoding=\"async\" width=\"300\" height=\"300\" src=\"https:\/\/moto-boutique-valais.ch\/wp-content\/uploads\/2023\/10\/GPD-Safety-Legend-Logo.png\" class=\"attachment-medium size-medium wp-image-965\" alt=\"Logo GPD Safety Legend\" srcset=\"https:\/\/moto-boutique-valais.ch\/wp-content\/uploads\/2023\/10\/GPD-Safety-Legend-Logo.png 300w, https:\/\/moto-boutique-valais.ch\/wp-content\/uploads\/2023\/10\/GPD-Safety-Legend-Logo-150x150.png 150w\" sizes=\"(max-width: 300px) 100vw, 300px\" \/>\t\t\t\t\t\t\t\t\t\t\t\t\t\t\t<\/div>\n\t\t\t\t<\/div>\n\t\t\t\t<\/div>\n\t\t<div class=\"elementor-element elementor-element-c0ff2e1 e-con-full e-flex e-con e-child\" data-id=\"c0ff2e1\" data-element_type=\"container\" data-e-type=\"container\">\n\t\t\t\t<div class=\"elementor-element elementor-element-037a1a7 elementor-widget elementor-widget-heading\" data-id=\"037a1a7\" data-element_type=\"widget\" data-e-type=\"widget\" data-widget_type=\"heading.default\">\n\t\t\t\t<div class=\"elementor-widget-container\">\n\t\t\t\t\t<h5 class=\"elementor-heading-title elementor-size-default\">Casco da bombardiere GPA<\/h5>\t\t\t\t<\/div>\n\t\t\t\t<\/div>\n\t\t\t\t<div class=\"elementor-element elementor-element-0379818 elementor-widget elementor-widget-text-editor\" data-id=\"0379818\" data-element_type=\"widget\" data-e-type=\"widget\" data-widget_type=\"text-editor.default\">\n\t\t\t\t<div class=\"elementor-widget-container\">\n\t\t\t\t\t\t\t\t\t<p>GPA affonda le sue radici negli sport motoristici ed \u00e8 specializzata in sicurezza e innovazione. Il marchio ha vinto numerosi campionati mondiali di motociclismo e automobilismo.<\/p>\n\t\t\t\t\t\t\t\t<\/div>\n\t\t\t\t<\/div>\n\t\t\t\t<\/div>\n\t\t<div class=\"elementor-element elementor-element-f067efe e-con-full e-flex e-con e-child\" data-id=\"f067efe\" data-element_type=\"container\" data-e-type=\"container\">\n\t\t\t\t<div class=\"elementor-element elementor-element-bf36fe9 elementor-widget elementor-widget-image\" data-id=\"bf36fe9\" data-element_type=\"widget\" data-e-type=\"widget\" data-widget_type=\"image.default\">\n\t\t\t\t<div class=\"elementor-widget-container\">\n\t\t\t\t\t\t\t\t\t\t\t\t\t\t\t<img loading=\"lazy\" decoding=\"async\" width=\"300\" height=\"300\" src=\"https:\/\/moto-boutique-valais.ch\/wp-content\/uploads\/2023\/10\/Grex.jpg\" class=\"attachment-medium size-medium wp-image-973\" alt=\"logo Grex\" srcset=\"https:\/\/moto-boutique-valais.ch\/wp-content\/uploads\/2023\/10\/Grex.jpg 300w, https:\/\/moto-boutique-valais.ch\/wp-content\/uploads\/2023\/10\/Grex-150x150.jpg 150w\" sizes=\"(max-width: 300px) 100vw, 300px\" \/>\t\t\t\t\t\t\t\t\t\t\t\t\t\t\t<\/div>\n\t\t\t\t<\/div>\n\t\t\t\t<\/div>\n\t\t<div class=\"elementor-element elementor-element-8b794b8 e-con-full e-flex e-con e-child\" data-id=\"8b794b8\" data-element_type=\"container\" data-e-type=\"container\">\n\t\t\t\t<div class=\"elementor-element elementor-element-2960ec8 elementor-widget elementor-widget-heading\" data-id=\"2960ec8\" data-element_type=\"widget\" data-e-type=\"widget\" data-widget_type=\"heading.default\">\n\t\t\t\t<div class=\"elementor-widget-container\">\n\t\t\t\t\t<h5 class=\"elementor-heading-title elementor-size-default\">Grex Casco economico<\/h5>\t\t\t\t<\/div>\n\t\t\t\t<\/div>\n\t\t\t\t<div class=\"elementor-element elementor-element-2512634 elementor-widget elementor-widget-text-editor\" data-id=\"2512634\" data-element_type=\"widget\" data-e-type=\"widget\" data-widget_type=\"text-editor.default\">\n\t\t\t\t<div class=\"elementor-widget-container\">\n\t\t\t\t\t\t\t\t\t<p>Grex, filiale di Nolan, offre caschi economici ma di alta qualit\u00e0. Ideale per i principianti e per i ciclisti attenti al prezzo.<\/p>\n\t\t\t\t\t\t\t\t<\/div>\n\t\t\t\t<\/div>\n\t\t\t\t<\/div>\n\t\t\t\t\t<\/div>\n\t\t\t\t<\/div>\n\t\t<div class=\"elementor-element elementor-element-e1a68b3 e-flex e-con-boxed e-con e-child\" data-id=\"e1a68b3\" data-element_type=\"container\" data-e-type=\"container\">\n\t\t\t\t\t<div class=\"e-con-inner\">\n\t\t<div class=\"elementor-element elementor-element-f38b28e e-con-full e-flex e-con e-child\" data-id=\"f38b28e\" data-element_type=\"container\" data-e-type=\"container\">\n\t\t\t\t<div class=\"elementor-element elementor-element-3c85d85 elementor-widget elementor-widget-image\" data-id=\"3c85d85\" data-element_type=\"widget\" data-e-type=\"widget\" data-widget_type=\"image.default\">\n\t\t\t\t<div class=\"elementor-widget-container\">\n\t\t\t\t\t\t\t\t\t\t\t\t\t\t\t<img loading=\"lazy\" decoding=\"async\" width=\"300\" height=\"300\" src=\"https:\/\/moto-boutique-valais.ch\/wp-content\/uploads\/2023\/10\/Fox-cross-helmet-logo.png\" class=\"attachment-medium size-medium wp-image-981\" alt=\"logo fox cross helmet\" srcset=\"https:\/\/moto-boutique-valais.ch\/wp-content\/uploads\/2023\/10\/Fox-cross-helmet-logo.png 300w, https:\/\/moto-boutique-valais.ch\/wp-content\/uploads\/2023\/10\/Fox-cross-helmet-logo-150x150.png 150w\" sizes=\"(max-width: 300px) 100vw, 300px\" \/>\t\t\t\t\t\t\t\t\t\t\t\t\t\t\t<\/div>\n\t\t\t\t<\/div>\n\t\t\t\t<\/div>\n\t\t<div class=\"elementor-element elementor-element-7761377 e-con-full e-flex e-con e-child\" data-id=\"7761377\" data-element_type=\"container\" data-e-type=\"container\">\n\t\t\t\t<div class=\"elementor-element elementor-element-93abc3c elementor-widget elementor-widget-heading\" data-id=\"93abc3c\" data-element_type=\"widget\" data-e-type=\"widget\" data-widget_type=\"heading.default\">\n\t\t\t\t<div class=\"elementor-widget-container\">\n\t\t\t\t\t<h5 class=\"elementor-heading-title elementor-size-default\">Casco Fox Cross<\/h5>\t\t\t\t<\/div>\n\t\t\t\t<\/div>\n\t\t\t\t<div class=\"elementor-element elementor-element-ffcdb61 elementor-widget elementor-widget-text-editor\" data-id=\"ffcdb61\" data-element_type=\"widget\" data-e-type=\"widget\" data-widget_type=\"text-editor.default\">\n\t\t\t\t<div class=\"elementor-widget-container\">\n\t\t\t\t\t\t\t\t\t<p>FOX \u00e8 pi\u00f9 di un marchio: \u00e8 una famiglia di appassionati di moto. \u00c8 sinonimo di avventura, comunit\u00e0 e gioia di cavalcare.<\/p>\n\t\t\t\t\t\t\t\t<\/div>\n\t\t\t\t<\/div>\n\t\t\t\t<\/div>\n\t\t<div class=\"elementor-element elementor-element-c204655 e-con-full e-flex e-con e-child\" data-id=\"c204655\" data-element_type=\"container\" data-e-type=\"container\">\n\t\t\t\t<div class=\"elementor-element elementor-element-b555451 elementor-widget elementor-widget-image\" data-id=\"b555451\" data-element_type=\"widget\" data-e-type=\"widget\" data-widget_type=\"image.default\">\n\t\t\t\t<div class=\"elementor-widget-container\">\n\t\t\t\t\t\t\t\t\t\t\t\t\t\t\t<img loading=\"lazy\" decoding=\"async\" width=\"300\" height=\"300\" src=\"https:\/\/moto-boutique-valais.ch\/wp-content\/uploads\/2023\/10\/SHARK-Logo.png\" class=\"attachment-medium size-medium wp-image-985\" alt=\"logo shark\" srcset=\"https:\/\/moto-boutique-valais.ch\/wp-content\/uploads\/2023\/10\/SHARK-Logo.png 300w, https:\/\/moto-boutique-valais.ch\/wp-content\/uploads\/2023\/10\/SHARK-Logo-150x150.png 150w\" sizes=\"(max-width: 300px) 100vw, 300px\" \/>\t\t\t\t\t\t\t\t\t\t\t\t\t\t\t<\/div>\n\t\t\t\t<\/div>\n\t\t\t\t<\/div>\n\t\t<div class=\"elementor-element elementor-element-c49a2f6 e-con-full e-flex e-con e-child\" data-id=\"c49a2f6\" data-element_type=\"container\" data-e-type=\"container\">\n\t\t\t\t<div class=\"elementor-element elementor-element-c280036 elementor-widget elementor-widget-heading\" data-id=\"c280036\" data-element_type=\"widget\" data-e-type=\"widget\" data-widget_type=\"heading.default\">\n\t\t\t\t<div class=\"elementor-widget-container\">\n\t\t\t\t\t<h5 class=\"elementor-heading-title elementor-size-default\">Casco da squalo<\/h5>\t\t\t\t<\/div>\n\t\t\t\t<\/div>\n\t\t\t\t<div class=\"elementor-element elementor-element-8d40051 elementor-widget elementor-widget-text-editor\" data-id=\"8d40051\" data-element_type=\"widget\" data-e-type=\"widget\" data-widget_type=\"text-editor.default\">\n\t\t\t\t<div class=\"elementor-widget-container\">\n\t\t\t\t\t\t\t\t\t<p>SHARK \u00e8 stata fondata da ex corridori professionisti e vanta una lunga storia di campionati mondiali. Il marchio \u00e8 noto per il suo design innovativo e l&#8217;alta qualit\u00e0.<\/p>\n\t\t\t\t\t\t\t\t<\/div>\n\t\t\t\t<\/div>\n\t\t\t\t<\/div>\n\t\t\t\t\t<\/div>\n\t\t\t\t<\/div>\n\t\t<div class=\"elementor-element elementor-element-5c01362 e-flex e-con-boxed e-con e-child\" data-id=\"5c01362\" data-element_type=\"container\" data-e-type=\"container\">\n\t\t\t\t\t<div class=\"e-con-inner\">\n\t\t<div class=\"elementor-element elementor-element-7c7ba15 e-con-full e-flex e-con e-child\" data-id=\"7c7ba15\" data-element_type=\"container\" data-e-type=\"container\">\n\t\t\t\t<div class=\"elementor-element elementor-element-cb5809d elementor-widget elementor-widget-image\" data-id=\"cb5809d\" data-element_type=\"widget\" data-e-type=\"widget\" data-widget_type=\"image.default\">\n\t\t\t\t<div class=\"elementor-widget-container\">\n\t\t\t\t\t\t\t\t\t\t\t\t\t\t\t<img loading=\"lazy\" decoding=\"async\" width=\"300\" height=\"300\" src=\"https:\/\/moto-boutique-valais.ch\/wp-content\/uploads\/2023\/10\/SCORPION-EXD-Logo.png\" class=\"attachment-medium size-medium wp-image-996\" alt=\"logo scorpion EXD\" srcset=\"https:\/\/moto-boutique-valais.ch\/wp-content\/uploads\/2023\/10\/SCORPION-EXD-Logo.png 300w, https:\/\/moto-boutique-valais.ch\/wp-content\/uploads\/2023\/10\/SCORPION-EXD-Logo-150x150.png 150w\" sizes=\"(max-width: 300px) 100vw, 300px\" \/>\t\t\t\t\t\t\t\t\t\t\t\t\t\t\t<\/div>\n\t\t\t\t<\/div>\n\t\t\t\t<\/div>\n\t\t<div class=\"elementor-element elementor-element-74a74d8 e-con-full e-flex e-con e-child\" data-id=\"74a74d8\" data-element_type=\"container\" data-e-type=\"container\">\n\t\t\t\t<div class=\"elementor-element elementor-element-d38a2ed elementor-widget elementor-widget-heading\" data-id=\"d38a2ed\" data-element_type=\"widget\" data-e-type=\"widget\" data-widget_type=\"heading.default\">\n\t\t\t\t<div class=\"elementor-widget-container\">\n\t\t\t\t\t<h5 class=\"elementor-heading-title elementor-size-default\">Scorpione<\/h5>\t\t\t\t<\/div>\n\t\t\t\t<\/div>\n\t\t\t\t<div class=\"elementor-element elementor-element-66d9018 elementor-widget elementor-widget-text-editor\" data-id=\"66d9018\" data-element_type=\"widget\" data-e-type=\"widget\" data-widget_type=\"text-editor.default\">\n\t\t\t\t<div class=\"elementor-widget-container\">\n\t\t\t\t\t\t\t\t\t<p>Scorpion offre un&#8217;ampia gamma di caschi e abbigliamento protettivo di alta qualit\u00e0. Il marchio \u00e8 noto per le sue tecnologie e i suoi materiali avanzati.<\/p>\n\t\t\t\t\t\t\t\t<\/div>\n\t\t\t\t<\/div>\n\t\t\t\t<\/div>\n\t\t<div class=\"elementor-element elementor-element-3384eb0 e-con-full e-flex e-con e-child\" data-id=\"3384eb0\" data-element_type=\"container\" data-e-type=\"container\">\n\t\t\t\t<div class=\"elementor-element elementor-element-b70279c elementor-widget elementor-widget-image\" data-id=\"b70279c\" data-element_type=\"widget\" data-e-type=\"widget\" data-widget_type=\"image.default\">\n\t\t\t\t<div class=\"elementor-widget-container\">\n\t\t\t\t\t\t\t\t\t\t\t\t\t\t\t<img loading=\"lazy\" decoding=\"async\" width=\"300\" height=\"300\" src=\"https:\/\/moto-boutique-valais.ch\/wp-content\/uploads\/2023\/10\/6D-Helmet-Logo.png\" class=\"attachment-medium size-medium wp-image-1000\" alt=\"\" srcset=\"https:\/\/moto-boutique-valais.ch\/wp-content\/uploads\/2023\/10\/6D-Helmet-Logo.png 300w, https:\/\/moto-boutique-valais.ch\/wp-content\/uploads\/2023\/10\/6D-Helmet-Logo-150x150.png 150w\" sizes=\"(max-width: 300px) 100vw, 300px\" \/>\t\t\t\t\t\t\t\t\t\t\t\t\t\t\t<\/div>\n\t\t\t\t<\/div>\n\t\t\t\t<\/div>\n\t\t<div class=\"elementor-element elementor-element-3b2d517 e-con-full e-flex e-con e-child\" data-id=\"3b2d517\" data-element_type=\"container\" data-e-type=\"container\">\n\t\t\t\t<div class=\"elementor-element elementor-element-8015d41 elementor-widget elementor-widget-heading\" data-id=\"8015d41\" data-element_type=\"widget\" data-e-type=\"widget\" data-widget_type=\"heading.default\">\n\t\t\t\t<div class=\"elementor-widget-container\">\n\t\t\t\t\t<h5 class=\"elementor-heading-title elementor-size-default\">Casco 6D Premium<\/h5>\t\t\t\t<\/div>\n\t\t\t\t<\/div>\n\t\t\t\t<div class=\"elementor-element elementor-element-4f70afe elementor-widget elementor-widget-text-editor\" data-id=\"4f70afe\" data-element_type=\"widget\" data-e-type=\"widget\" data-widget_type=\"text-editor.default\">\n\t\t\t\t<div class=\"elementor-widget-container\">\n\t\t\t\t\t\t\t\t\t<p>6D \u00e8 sinonimo di innovazione tecnologica nel design dei caschi. I loro caschi offrono libert\u00e0 di movimento in tutte le direzioni e stabiliscono nuovi standard di sicurezza e comfort.<\/p>\n\t\t\t\t\t\t\t\t<\/div>\n\t\t\t\t<\/div>\n\t\t\t\t<\/div>\n\t\t\t\t\t<\/div>\n\t\t\t\t<\/div>\n\t\t<div class=\"elementor-element elementor-element-eb59904 e-flex e-con-boxed e-con e-child\" data-id=\"eb59904\" data-element_type=\"container\" data-e-type=\"container\">\n\t\t\t\t\t<div class=\"e-con-inner\">\n\t\t<div class=\"elementor-element elementor-element-23ca470 e-con-full e-flex e-con e-child\" data-id=\"23ca470\" data-element_type=\"container\" data-e-type=\"container\">\n\t\t\t\t<div class=\"elementor-element elementor-element-a5eedcd elementor-widget elementor-widget-image\" data-id=\"a5eedcd\" data-element_type=\"widget\" data-e-type=\"widget\" data-widget_type=\"image.default\">\n\t\t\t\t<div class=\"elementor-widget-container\">\n\t\t\t\t\t\t\t\t\t\t\t\t\t\t\t<img loading=\"lazy\" decoding=\"async\" width=\"300\" height=\"300\" src=\"https:\/\/moto-boutique-valais.ch\/wp-content\/uploads\/2023\/10\/momo-Helmet-Logo.png\" class=\"attachment-medium size-medium wp-image-1008\" alt=\"logo momo helmet\" srcset=\"https:\/\/moto-boutique-valais.ch\/wp-content\/uploads\/2023\/10\/momo-Helmet-Logo.png 300w, https:\/\/moto-boutique-valais.ch\/wp-content\/uploads\/2023\/10\/momo-Helmet-Logo-150x150.png 150w\" sizes=\"(max-width: 300px) 100vw, 300px\" \/>\t\t\t\t\t\t\t\t\t\t\t\t\t\t\t<\/div>\n\t\t\t\t<\/div>\n\t\t\t\t<\/div>\n\t\t<div class=\"elementor-element elementor-element-57677da e-con-full e-flex e-con e-child\" data-id=\"57677da\" data-element_type=\"container\" data-e-type=\"container\">\n\t\t\t\t<div class=\"elementor-element elementor-element-5d6f375 elementor-widget elementor-widget-heading\" data-id=\"5d6f375\" data-element_type=\"widget\" data-e-type=\"widget\" data-widget_type=\"heading.default\">\n\t\t\t\t<div class=\"elementor-widget-container\">\n\t\t\t\t\t<h5 class=\"elementor-heading-title elementor-size-default\">Casco Momo Design<\/h5>\t\t\t\t<\/div>\n\t\t\t\t<\/div>\n\t\t\t\t<div class=\"elementor-element elementor-element-532ed8b elementor-widget elementor-widget-text-editor\" data-id=\"532ed8b\" data-element_type=\"widget\" data-e-type=\"widget\" data-widget_type=\"text-editor.default\">\n\t\t\t\t<div class=\"elementor-widget-container\">\n\t\t\t\t\t\t\t\t\t<p>Momo unisce il design italiano all&#8217;esperienza nelle corse. Il marchio \u00e8 noto per i suoi caschi eleganti e funzionali.<\/p>\n\t\t\t\t\t\t\t\t<\/div>\n\t\t\t\t<\/div>\n\t\t\t\t<\/div>\n\t\t<div class=\"elementor-element elementor-element-cb20fd8 e-con-full e-flex e-con e-child\" data-id=\"cb20fd8\" data-element_type=\"container\" data-e-type=\"container\">\n\t\t\t\t<div class=\"elementor-element elementor-element-6fef77e elementor-widget elementor-widget-image\" data-id=\"6fef77e\" data-element_type=\"widget\" data-e-type=\"widget\" data-widget_type=\"image.default\">\n\t\t\t\t<div class=\"elementor-widget-container\">\n\t\t\t\t\t\t\t\t\t\t\t\t\t\t\t<img loading=\"lazy\" decoding=\"async\" width=\"300\" height=\"300\" src=\"https:\/\/moto-boutique-valais.ch\/wp-content\/uploads\/2023\/10\/x-lite-new-logo-300x300.png\" class=\"attachment-medium size-medium wp-image-1437\" alt=\"new X-lite logo\" srcset=\"https:\/\/moto-boutique-valais.ch\/wp-content\/uploads\/2023\/10\/x-lite-new-logo-300x300.png 300w, https:\/\/moto-boutique-valais.ch\/wp-content\/uploads\/2023\/10\/x-lite-new-logo-150x150.png 150w, https:\/\/moto-boutique-valais.ch\/wp-content\/uploads\/2023\/10\/x-lite-new-logo.png 320w\" sizes=\"(max-width: 300px) 100vw, 300px\" \/>\t\t\t\t\t\t\t\t\t\t\t\t\t\t\t<\/div>\n\t\t\t\t<\/div>\n\t\t\t\t<\/div>\n\t\t<div class=\"elementor-element elementor-element-2ca6bb1 e-con-full e-flex e-con e-child\" data-id=\"2ca6bb1\" data-element_type=\"container\" data-e-type=\"container\">\n\t\t\t\t<div class=\"elementor-element elementor-element-b666d3e elementor-widget elementor-widget-heading\" data-id=\"b666d3e\" data-element_type=\"widget\" data-e-type=\"widget\" data-widget_type=\"heading.default\">\n\t\t\t\t<div class=\"elementor-widget-container\">\n\t\t\t\t\t<h5 class=\"elementor-heading-title elementor-size-default\">Casco X-lite<\/h5>\t\t\t\t<\/div>\n\t\t\t\t<\/div>\n\t\t\t\t<div class=\"elementor-element elementor-element-46b6cfb elementor-widget elementor-widget-text-editor\" data-id=\"46b6cfb\" data-element_type=\"widget\" data-e-type=\"widget\" data-widget_type=\"text-editor.default\">\n\t\t\t\t<div class=\"elementor-widget-container\">\n\t\t\t\t\t\t\t\t\t<p>X-Lite \u00e8 un marchio premium di Nolan, specializzato in caschi realizzati in fibre composite. Offrono la massima qualit\u00e0 e sono disponibili in molti paesi.<\/p>\n\t\t\t\t\t\t\t\t<\/div>\n\t\t\t\t<\/div>\n\t\t\t\t<\/div>\n\t\t\t\t\t<\/div>\n\t\t\t\t<\/div>\n\t\t<div class=\"elementor-element elementor-element-4bc432d e-flex e-con-boxed e-con e-child\" data-id=\"4bc432d\" data-element_type=\"container\" data-e-type=\"container\">\n\t\t\t\t\t<div class=\"e-con-inner\">\n\t\t<div class=\"elementor-element elementor-element-a3d5824 e-con-full e-flex e-con e-child\" data-id=\"a3d5824\" data-element_type=\"container\" data-e-type=\"container\">\n\t\t\t\t<div class=\"elementor-element elementor-element-5001477 elementor-widget elementor-widget-image\" data-id=\"5001477\" data-element_type=\"widget\" data-e-type=\"widget\" data-widget_type=\"image.default\">\n\t\t\t\t<div class=\"elementor-widget-container\">\n\t\t\t\t\t\t\t\t\t\t\t\t\t\t\t<img loading=\"lazy\" decoding=\"async\" width=\"300\" height=\"300\" src=\"https:\/\/moto-boutique-valais.ch\/wp-content\/uploads\/2023\/10\/helstons-Logo.png\" class=\"attachment-medium size-medium wp-image-1012\" alt=\"logo helstons\" srcset=\"https:\/\/moto-boutique-valais.ch\/wp-content\/uploads\/2023\/10\/helstons-Logo.png 300w, https:\/\/moto-boutique-valais.ch\/wp-content\/uploads\/2023\/10\/helstons-Logo-150x150.png 150w\" sizes=\"(max-width: 300px) 100vw, 300px\" \/>\t\t\t\t\t\t\t\t\t\t\t\t\t\t\t<\/div>\n\t\t\t\t<\/div>\n\t\t\t\t<\/div>\n\t\t<div class=\"elementor-element elementor-element-67cf5d2 e-con-full e-flex e-con e-child\" data-id=\"67cf5d2\" data-element_type=\"container\" data-e-type=\"container\">\n\t\t\t\t<div class=\"elementor-element elementor-element-fd74a19 elementor-widget elementor-widget-heading\" data-id=\"fd74a19\" data-element_type=\"widget\" data-e-type=\"widget\" data-widget_type=\"heading.default\">\n\t\t\t\t<div class=\"elementor-widget-container\">\n\t\t\t\t\t<h5 class=\"elementor-heading-title elementor-size-default\">Casco Helstons<\/h5>\t\t\t\t<\/div>\n\t\t\t\t<\/div>\n\t\t\t\t<div class=\"elementor-element elementor-element-7fcf93c elementor-widget elementor-widget-text-editor\" data-id=\"7fcf93c\" data-element_type=\"widget\" data-e-type=\"widget\" data-widget_type=\"text-editor.default\">\n\t\t\t\t<div class=\"elementor-widget-container\">\n\t\t\t\t\t\t\t\t\t<p>Helstons \u00e8 un marchio francese che unisce l&#8217;eleganza alla passione per le moto. Offrono un perfetto equilibrio tra tradizione e innovazione.<\/p>\n\t\t\t\t\t\t\t\t<\/div>\n\t\t\t\t<\/div>\n\t\t\t\t<\/div>\n\t\t<div class=\"elementor-element elementor-element-994c443 e-con-full e-flex e-con e-child\" data-id=\"994c443\" data-element_type=\"container\" data-e-type=\"container\">\n\t\t\t\t<div class=\"elementor-element elementor-element-27db1f8 elementor-widget elementor-widget-image\" data-id=\"27db1f8\" data-element_type=\"widget\" data-e-type=\"widget\" data-widget_type=\"image.default\">\n\t\t\t\t<div class=\"elementor-widget-container\">\n\t\t\t\t\t\t\t\t\t\t\t\t\t\t\t<img loading=\"lazy\" decoding=\"async\" width=\"300\" height=\"300\" src=\"https:\/\/moto-boutique-valais.ch\/wp-content\/uploads\/2023\/10\/DIESEL-Logo.png\" class=\"attachment-medium size-medium wp-image-1016\" alt=\"logo diesel\" srcset=\"https:\/\/moto-boutique-valais.ch\/wp-content\/uploads\/2023\/10\/DIESEL-Logo.png 300w, https:\/\/moto-boutique-valais.ch\/wp-content\/uploads\/2023\/10\/DIESEL-Logo-150x150.png 150w\" sizes=\"(max-width: 300px) 100vw, 300px\" \/>\t\t\t\t\t\t\t\t\t\t\t\t\t\t\t<\/div>\n\t\t\t\t<\/div>\n\t\t\t\t<\/div>\n\t\t<div class=\"elementor-element elementor-element-c15ad6f e-con-full e-flex e-con e-child\" data-id=\"c15ad6f\" data-element_type=\"container\" data-e-type=\"container\">\n\t\t\t\t<div class=\"elementor-element elementor-element-b3c78aa elementor-widget elementor-widget-heading\" data-id=\"b3c78aa\" data-element_type=\"widget\" data-e-type=\"widget\" data-widget_type=\"heading.default\">\n\t\t\t\t<div class=\"elementor-widget-container\">\n\t\t\t\t\t<h5 class=\"elementor-heading-title elementor-size-default\">Casco Diesel<\/h5>\t\t\t\t<\/div>\n\t\t\t\t<\/div>\n\t\t\t\t<div class=\"elementor-element elementor-element-fec6fb1 elementor-widget elementor-widget-text-editor\" data-id=\"fec6fb1\" data-element_type=\"widget\" data-e-type=\"widget\" data-widget_type=\"text-editor.default\">\n\t\t\t\t<div class=\"elementor-widget-container\">\n\t\t\t\t\t\t\t\t\t<p>Diesel non \u00e8 solo un marchio di jeans, ma offre anche caschi innovativi e alla moda. Il marchio \u00e8 sinonimo di innovazione e artigianalit\u00e0 orientate al futuro.<\/p>\n\t\t\t\t\t\t\t\t<\/div>\n\t\t\t\t<\/div>\n\t\t\t\t<\/div>\n\t\t\t\t\t<\/div>\n\t\t\t\t<\/div>\n\t\t<div class=\"elementor-element elementor-element-9a5165a e-flex e-con-boxed e-con e-child\" data-id=\"9a5165a\" data-element_type=\"container\" data-e-type=\"container\">\n\t\t\t\t\t<div class=\"e-con-inner\">\n\t\t<div class=\"elementor-element elementor-element-7f4bda3 e-con-full e-flex e-con e-child\" data-id=\"7f4bda3\" data-element_type=\"container\" data-e-type=\"container\">\n\t\t\t\t<div class=\"elementor-element elementor-element-919e30e elementor-widget elementor-widget-image\" data-id=\"919e30e\" data-element_type=\"widget\" data-e-type=\"widget\" data-widget_type=\"image.default\">\n\t\t\t\t<div class=\"elementor-widget-container\">\n\t\t\t\t\t\t\t\t\t\t\t\t\t\t\t<img loading=\"lazy\" decoding=\"async\" width=\"300\" height=\"300\" src=\"https:\/\/moto-boutique-valais.ch\/wp-content\/uploads\/2023\/10\/Suomy-Logo.png\" class=\"attachment-medium size-medium wp-image-1020\" alt=\"logo suomy\" srcset=\"https:\/\/moto-boutique-valais.ch\/wp-content\/uploads\/2023\/10\/Suomy-Logo.png 300w, https:\/\/moto-boutique-valais.ch\/wp-content\/uploads\/2023\/10\/Suomy-Logo-150x150.png 150w\" sizes=\"(max-width: 300px) 100vw, 300px\" \/>\t\t\t\t\t\t\t\t\t\t\t\t\t\t\t<\/div>\n\t\t\t\t<\/div>\n\t\t\t\t<\/div>\n\t\t<div class=\"elementor-element elementor-element-ac67348 e-con-full e-flex e-con e-child\" data-id=\"ac67348\" data-element_type=\"container\" data-e-type=\"container\">\n\t\t\t\t<div class=\"elementor-element elementor-element-2cb8462 elementor-widget elementor-widget-heading\" data-id=\"2cb8462\" data-element_type=\"widget\" data-e-type=\"widget\" data-widget_type=\"heading.default\">\n\t\t\t\t<div class=\"elementor-widget-container\">\n\t\t\t\t\t<h5 class=\"elementor-heading-title elementor-size-default\">Casco Suomy<\/h5>\t\t\t\t<\/div>\n\t\t\t\t<\/div>\n\t\t\t\t<div class=\"elementor-element elementor-element-2f4fff5 elementor-widget elementor-widget-text-editor\" data-id=\"2f4fff5\" data-element_type=\"widget\" data-e-type=\"widget\" data-widget_type=\"text-editor.default\">\n\t\t\t\t<div class=\"elementor-widget-container\">\n\t\t\t\t\t\t\t\t\t<p>Suomy \u00e8 profondamente radicato nelle corse e ha vinto diversi campionati mondiali in Superbike e MotoGP. Il marchio \u00e8 noto per i suoi caschi di alta qualit\u00e0 e per le collaborazioni con i migliori piloti.<\/p>\n\t\t\t\t\t\t\t\t<\/div>\n\t\t\t\t<\/div>\n\t\t\t\t<\/div>\n\t\t<div class=\"elementor-element elementor-element-87c5750 e-con-full e-flex e-con e-child\" data-id=\"87c5750\" data-element_type=\"container\" data-e-type=\"container\">\n\t\t\t\t<div class=\"elementor-element elementor-element-96753c7 elementor-widget elementor-widget-image\" data-id=\"96753c7\" data-element_type=\"widget\" data-e-type=\"widget\" data-widget_type=\"image.default\">\n\t\t\t\t<div class=\"elementor-widget-container\">\n\t\t\t\t\t\t\t\t\t\t\t\t\t\t\t<img loading=\"lazy\" decoding=\"async\" width=\"300\" height=\"300\" src=\"https:\/\/moto-boutique-valais.ch\/wp-content\/uploads\/2023\/10\/Roof-Logo.png\" class=\"attachment-medium size-medium wp-image-1024\" alt=\"logo roof\" srcset=\"https:\/\/moto-boutique-valais.ch\/wp-content\/uploads\/2023\/10\/Roof-Logo.png 300w, https:\/\/moto-boutique-valais.ch\/wp-content\/uploads\/2023\/10\/Roof-Logo-150x150.png 150w\" sizes=\"(max-width: 300px) 100vw, 300px\" \/>\t\t\t\t\t\t\t\t\t\t\t\t\t\t\t<\/div>\n\t\t\t\t<\/div>\n\t\t\t\t<\/div>\n\t\t<div class=\"elementor-element elementor-element-f370abc e-con-full e-flex e-con e-child\" data-id=\"f370abc\" data-element_type=\"container\" data-e-type=\"container\">\n\t\t\t\t<div class=\"elementor-element elementor-element-95b339e elementor-widget elementor-widget-heading\" data-id=\"95b339e\" data-element_type=\"widget\" data-e-type=\"widget\" data-widget_type=\"heading.default\">\n\t\t\t\t<div class=\"elementor-widget-container\">\n\t\t\t\t\t<h5 class=\"elementor-heading-title elementor-size-default\">Casco Roof Boxxer<\/h5>\t\t\t\t<\/div>\n\t\t\t\t<\/div>\n\t\t\t\t<div class=\"elementor-element elementor-element-17b2a8e elementor-widget elementor-widget-text-editor\" data-id=\"17b2a8e\" data-element_type=\"widget\" data-e-type=\"widget\" data-widget_type=\"text-editor.default\">\n\t\t\t\t<div class=\"elementor-widget-container\">\n\t\t\t\t\t\t\t\t\t<p>Roof \u00e8 un marchio francese noto per i suoi caschi innovativi e ben progettati. Offrono prodotti per i motociclisti pi\u00f9 esigenti.<\/p>\n\t\t\t\t\t\t\t\t<\/div>\n\t\t\t\t<\/div>\n\t\t\t\t<\/div>\n\t\t\t\t\t<\/div>\n\t\t\t\t<\/div>\n\t\t<div class=\"elementor-element elementor-element-6ccdd1d e-flex e-con-boxed e-con e-child\" data-id=\"6ccdd1d\" data-element_type=\"container\" data-e-type=\"container\">\n\t\t\t\t\t<div class=\"e-con-inner\">\n\t\t<div class=\"elementor-element elementor-element-7ae6d00 e-con-full e-flex e-con e-child\" data-id=\"7ae6d00\" data-element_type=\"container\" data-e-type=\"container\">\n\t\t\t\t<div class=\"elementor-element elementor-element-6fc8b0f elementor-widget elementor-widget-image\" data-id=\"6fc8b0f\" data-element_type=\"widget\" data-e-type=\"widget\" data-widget_type=\"image.default\">\n\t\t\t\t<div class=\"elementor-widget-container\">\n\t\t\t\t\t\t\t\t\t\t\t\t\t\t\t<img loading=\"lazy\" decoding=\"async\" width=\"300\" height=\"300\" src=\"https:\/\/moto-boutique-valais.ch\/wp-content\/uploads\/2023\/10\/AGV-Logo.png\" class=\"attachment-medium size-medium wp-image-1029\" alt=\"logo AGV\" srcset=\"https:\/\/moto-boutique-valais.ch\/wp-content\/uploads\/2023\/10\/AGV-Logo.png 300w, https:\/\/moto-boutique-valais.ch\/wp-content\/uploads\/2023\/10\/AGV-Logo-150x150.png 150w\" sizes=\"(max-width: 300px) 100vw, 300px\" \/>\t\t\t\t\t\t\t\t\t\t\t\t\t\t\t<\/div>\n\t\t\t\t<\/div>\n\t\t\t\t<\/div>\n\t\t<div class=\"elementor-element elementor-element-fd260dd e-con-full e-flex e-con e-child\" data-id=\"fd260dd\" data-element_type=\"container\" data-e-type=\"container\">\n\t\t\t\t<div class=\"elementor-element elementor-element-c3a5f2a elementor-widget elementor-widget-heading\" data-id=\"c3a5f2a\" data-element_type=\"widget\" data-e-type=\"widget\" data-widget_type=\"heading.default\">\n\t\t\t\t<div class=\"elementor-widget-container\">\n\t\t\t\t\t<h5 class=\"elementor-heading-title elementor-size-default\">Casco AGV<\/h5>\t\t\t\t<\/div>\n\t\t\t\t<\/div>\n\t\t\t\t<div class=\"elementor-element elementor-element-d43a7fd elementor-widget elementor-widget-text-editor\" data-id=\"d43a7fd\" data-element_type=\"widget\" data-e-type=\"widget\" data-widget_type=\"text-editor.default\">\n\t\t\t\t<div class=\"elementor-widget-container\">\n\t\t\t\t\t\t\t\t\t<p>AGV \u00e8 un marchio italiano con una ricca storia nel mondo del motorsport. Offrono caschi di alta qualit\u00e0 indossati da leggende come Valentino Rossi.<\/p>\n\t\t\t\t\t\t\t\t<\/div>\n\t\t\t\t<\/div>\n\t\t\t\t<\/div>\n\t\t<div class=\"elementor-element elementor-element-868ef32 e-con-full e-flex e-con e-child\" data-id=\"868ef32\" data-element_type=\"container\" data-e-type=\"container\">\n\t\t\t\t<div class=\"elementor-element elementor-element-0e2072b elementor-widget elementor-widget-image\" data-id=\"0e2072b\" data-element_type=\"widget\" data-e-type=\"widget\" data-widget_type=\"image.default\">\n\t\t\t\t<div class=\"elementor-widget-container\">\n\t\t\t\t\t\t\t\t\t\t\t\t\t\t\t<img loading=\"lazy\" decoding=\"async\" width=\"300\" height=\"300\" src=\"https:\/\/moto-boutique-valais.ch\/wp-content\/uploads\/2023\/10\/Airoh-Helmet-Logo.png\" class=\"attachment-medium size-medium wp-image-1033\" alt=\"logo airoh helmet\" srcset=\"https:\/\/moto-boutique-valais.ch\/wp-content\/uploads\/2023\/10\/Airoh-Helmet-Logo.png 300w, https:\/\/moto-boutique-valais.ch\/wp-content\/uploads\/2023\/10\/Airoh-Helmet-Logo-150x150.png 150w\" sizes=\"(max-width: 300px) 100vw, 300px\" \/>\t\t\t\t\t\t\t\t\t\t\t\t\t\t\t<\/div>\n\t\t\t\t<\/div>\n\t\t\t\t<\/div>\n\t\t<div class=\"elementor-element elementor-element-f5badaf e-con-full e-flex e-con e-child\" data-id=\"f5badaf\" data-element_type=\"container\" data-e-type=\"container\">\n\t\t\t\t<div class=\"elementor-element elementor-element-619ba58 elementor-widget elementor-widget-heading\" data-id=\"619ba58\" data-element_type=\"widget\" data-e-type=\"widget\" data-widget_type=\"heading.default\">\n\t\t\t\t<div class=\"elementor-widget-container\">\n\t\t\t\t\t<h5 class=\"elementor-heading-title elementor-size-default\">Casco Airoh<\/h5>\t\t\t\t<\/div>\n\t\t\t\t<\/div>\n\t\t\t\t<div class=\"elementor-element elementor-element-0d9cf26 elementor-widget elementor-widget-text-editor\" data-id=\"0d9cf26\" data-element_type=\"widget\" data-e-type=\"widget\" data-widget_type=\"text-editor.default\">\n\t\t\t\t<div class=\"elementor-widget-container\">\n\t\t\t\t\t\t\t\t\t<p>Airoh offre caschi per tutti i tipi di motociclisti, dagli stradisti ai campioni del fuoristrada. Il marchio \u00e8 noto per la sua qualit\u00e0 e protezione.<\/p>\n\t\t\t\t\t\t\t\t<\/div>\n\t\t\t\t<\/div>\n\t\t\t\t<\/div>\n\t\t\t\t\t<\/div>\n\t\t\t\t<\/div>\n\t\t<div class=\"elementor-element elementor-element-5dd2764 e-flex e-con-boxed e-con e-child\" data-id=\"5dd2764\" data-element_type=\"container\" data-e-type=\"container\">\n\t\t\t\t\t<div class=\"e-con-inner\">\n\t\t<div class=\"elementor-element elementor-element-a7f2523 e-con-full e-flex e-con e-child\" data-id=\"a7f2523\" data-element_type=\"container\" data-e-type=\"container\">\n\t\t\t\t<div class=\"elementor-element elementor-element-022ab5f elementor-widget elementor-widget-image\" data-id=\"022ab5f\" data-element_type=\"widget\" data-e-type=\"widget\" data-widget_type=\"image.default\">\n\t\t\t\t<div class=\"elementor-widget-container\">\n\t\t\t\t\t\t\t\t\t\t\t\t\t\t\t<img loading=\"lazy\" decoding=\"async\" width=\"300\" height=\"300\" src=\"https:\/\/moto-boutique-valais.ch\/wp-content\/uploads\/2023\/10\/LS2-Logo.png\" class=\"attachment-medium size-medium wp-image-1037\" alt=\"logo LS2\" srcset=\"https:\/\/moto-boutique-valais.ch\/wp-content\/uploads\/2023\/10\/LS2-Logo.png 300w, https:\/\/moto-boutique-valais.ch\/wp-content\/uploads\/2023\/10\/LS2-Logo-150x150.png 150w\" sizes=\"(max-width: 300px) 100vw, 300px\" \/>\t\t\t\t\t\t\t\t\t\t\t\t\t\t\t<\/div>\n\t\t\t\t<\/div>\n\t\t\t\t<\/div>\n\t\t<div class=\"elementor-element elementor-element-fc2338b e-con-full e-flex e-con e-child\" data-id=\"fc2338b\" data-element_type=\"container\" data-e-type=\"container\">\n\t\t\t\t<div class=\"elementor-element elementor-element-ddc46a4 elementor-widget elementor-widget-heading\" data-id=\"ddc46a4\" data-element_type=\"widget\" data-e-type=\"widget\" data-widget_type=\"heading.default\">\n\t\t\t\t<div class=\"elementor-widget-container\">\n\t\t\t\t\t<h5 class=\"elementor-heading-title elementor-size-default\">Casco LS2<\/h5>\t\t\t\t<\/div>\n\t\t\t\t<\/div>\n\t\t\t\t<div class=\"elementor-element elementor-element-593996f elementor-widget elementor-widget-text-editor\" data-id=\"593996f\" data-element_type=\"widget\" data-e-type=\"widget\" data-widget_type=\"text-editor.default\">\n\t\t\t\t<div class=\"elementor-widget-container\">\n\t\t\t\t\t\t\t\t\t<p>LS2 \u00e8 una stella nascente nel settore dei caschi e offre un&#8217;ampia gamma di caschi per ogni esigenza. Il marchio combina oltre 30 anni di esperienza con un design moderno.<\/p>\n\t\t\t\t\t\t\t\t<\/div>\n\t\t\t\t<\/div>\n\t\t\t\t<\/div>\n\t\t<div class=\"elementor-element elementor-element-2d0b375 e-con-full e-flex e-con e-child\" data-id=\"2d0b375\" data-element_type=\"container\" data-e-type=\"container\">\n\t\t\t\t<div class=\"elementor-element elementor-element-74fbcc0 elementor-widget elementor-widget-image\" data-id=\"74fbcc0\" data-element_type=\"widget\" data-e-type=\"widget\" data-widget_type=\"image.default\">\n\t\t\t\t<div class=\"elementor-widget-container\">\n\t\t\t\t\t\t\t\t\t\t\t\t\t\t\t<img loading=\"lazy\" decoding=\"async\" width=\"300\" height=\"300\" src=\"https:\/\/moto-boutique-valais.ch\/wp-content\/uploads\/2023\/10\/IOTA-logo.png\" class=\"attachment-medium size-medium wp-image-1041\" alt=\"logo iota\" srcset=\"https:\/\/moto-boutique-valais.ch\/wp-content\/uploads\/2023\/10\/IOTA-logo.png 300w, https:\/\/moto-boutique-valais.ch\/wp-content\/uploads\/2023\/10\/IOTA-logo-150x150.png 150w\" sizes=\"(max-width: 300px) 100vw, 300px\" \/>\t\t\t\t\t\t\t\t\t\t\t\t\t\t\t<\/div>\n\t\t\t\t<\/div>\n\t\t\t\t<\/div>\n\t\t<div class=\"elementor-element elementor-element-b965ddc e-con-full e-flex e-con e-child\" data-id=\"b965ddc\" data-element_type=\"container\" data-e-type=\"container\">\n\t\t\t\t<div class=\"elementor-element elementor-element-59cc992 elementor-widget elementor-widget-heading\" data-id=\"59cc992\" data-element_type=\"widget\" data-e-type=\"widget\" data-widget_type=\"heading.default\">\n\t\t\t\t<div class=\"elementor-widget-container\">\n\t\t\t\t\t<h5 class=\"elementor-heading-title elementor-size-default\">Casco IOTA<\/h5>\t\t\t\t<\/div>\n\t\t\t\t<\/div>\n\t\t\t\t<div class=\"elementor-element elementor-element-74f8e92 elementor-widget elementor-widget-text-editor\" data-id=\"74f8e92\" data-element_type=\"widget\" data-e-type=\"widget\" data-widget_type=\"text-editor.default\">\n\t\t\t\t<div class=\"elementor-widget-container\">\n\t\t\t\t\t\t\t\t\t<p>IOTA \u00e8 specializzata in caschi per le competizioni professionali, in particolare per il campionato mondiale Superbike. Il marchio \u00e8 noto per i suoi prodotti di alta qualit\u00e0 e per il suo coinvolgimento nelle corse.<\/p>\n\t\t\t\t\t\t\t\t<\/div>\n\t\t\t\t<\/div>\n\t\t\t\t<\/div>\n\t\t\t\t\t<\/div>\n\t\t\t\t<\/div>\n\t\t<div class=\"elementor-element elementor-element-d80569e e-flex e-con-boxed e-con e-child\" data-id=\"d80569e\" data-element_type=\"container\" data-e-type=\"container\">\n\t\t\t\t\t<div class=\"e-con-inner\">\n\t\t<div class=\"elementor-element elementor-element-456f4bd e-con-full e-flex e-con e-child\" data-id=\"456f4bd\" data-element_type=\"container\" data-e-type=\"container\">\n\t\t\t\t<div class=\"elementor-element elementor-element-d1a9b09 elementor-widget elementor-widget-image\" data-id=\"d1a9b09\" data-element_type=\"widget\" data-e-type=\"widget\" data-widget_type=\"image.default\">\n\t\t\t\t<div class=\"elementor-widget-container\">\n\t\t\t\t\t\t\t\t\t\t\t\t\t\t\t<img loading=\"lazy\" decoding=\"async\" width=\"300\" height=\"300\" src=\"https:\/\/moto-boutique-valais.ch\/wp-content\/uploads\/2023\/10\/SCOTT-Logo.png\" class=\"attachment-medium size-medium wp-image-1045\" alt=\"logo scott\" srcset=\"https:\/\/moto-boutique-valais.ch\/wp-content\/uploads\/2023\/10\/SCOTT-Logo.png 300w, https:\/\/moto-boutique-valais.ch\/wp-content\/uploads\/2023\/10\/SCOTT-Logo-150x150.png 150w\" sizes=\"(max-width: 300px) 100vw, 300px\" \/>\t\t\t\t\t\t\t\t\t\t\t\t\t\t\t<\/div>\n\t\t\t\t<\/div>\n\t\t\t\t<\/div>\n\t\t<div class=\"elementor-element elementor-element-0f4b013 e-con-full e-flex e-con e-child\" data-id=\"0f4b013\" data-element_type=\"container\" data-e-type=\"container\">\n\t\t\t\t<div class=\"elementor-element elementor-element-30be25d elementor-widget elementor-widget-heading\" data-id=\"30be25d\" data-element_type=\"widget\" data-e-type=\"widget\" data-widget_type=\"heading.default\">\n\t\t\t\t<div class=\"elementor-widget-container\">\n\t\t\t\t\t<h5 class=\"elementor-heading-title elementor-size-default\">Casco Scott Cross<\/h5>\t\t\t\t<\/div>\n\t\t\t\t<\/div>\n\t\t\t\t<div class=\"elementor-element elementor-element-dbad33c elementor-widget elementor-widget-text-editor\" data-id=\"dbad33c\" data-element_type=\"widget\" data-e-type=\"widget\" data-widget_type=\"text-editor.default\">\n\t\t\t\t<div class=\"elementor-widget-container\">\n\t\t\t\t\t\t\t\t\t<p>Scott non offre solo caschi di alta qualit\u00e0, ma anche esperienze uniche per gli avventurieri. Il marchio \u00e8 sinonimo di qualit\u00e0 e gioia di guidare.<\/p>\n\t\t\t\t\t\t\t\t<\/div>\n\t\t\t\t<\/div>\n\t\t\t\t<\/div>\n\t\t<div class=\"elementor-element elementor-element-82c21cd e-con-full e-flex e-con e-child\" data-id=\"82c21cd\" data-element_type=\"container\" data-e-type=\"container\">\n\t\t\t\t<div class=\"elementor-element elementor-element-009994b elementor-widget elementor-widget-image\" data-id=\"009994b\" data-element_type=\"widget\" data-e-type=\"widget\" data-widget_type=\"image.default\">\n\t\t\t\t<div class=\"elementor-widget-container\">\n\t\t\t\t\t\t\t\t\t\t\t\t\t\t\t<img loading=\"lazy\" decoding=\"async\" width=\"300\" height=\"300\" src=\"https:\/\/moto-boutique-valais.ch\/wp-content\/uploads\/2023\/10\/IXS-logo.png\" class=\"attachment-medium size-medium wp-image-1049\" alt=\"logo IXS\" srcset=\"https:\/\/moto-boutique-valais.ch\/wp-content\/uploads\/2023\/10\/IXS-logo.png 300w, https:\/\/moto-boutique-valais.ch\/wp-content\/uploads\/2023\/10\/IXS-logo-150x150.png 150w\" sizes=\"(max-width: 300px) 100vw, 300px\" \/>\t\t\t\t\t\t\t\t\t\t\t\t\t\t\t<\/div>\n\t\t\t\t<\/div>\n\t\t\t\t<\/div>\n\t\t<div class=\"elementor-element elementor-element-fd9e40f e-con-full e-flex e-con e-child\" data-id=\"fd9e40f\" data-element_type=\"container\" data-e-type=\"container\">\n\t\t\t\t<div class=\"elementor-element elementor-element-d6eb805 elementor-widget elementor-widget-heading\" data-id=\"d6eb805\" data-element_type=\"widget\" data-e-type=\"widget\" data-widget_type=\"heading.default\">\n\t\t\t\t<div class=\"elementor-widget-container\">\n\t\t\t\t\t<h5 class=\"elementor-heading-title elementor-size-default\">Casco cross iXS<\/h5>\t\t\t\t<\/div>\n\t\t\t\t<\/div>\n\t\t\t\t<div class=\"elementor-element elementor-element-d76a0ff elementor-widget elementor-widget-text-editor\" data-id=\"d76a0ff\" data-element_type=\"widget\" data-e-type=\"widget\" data-widget_type=\"text-editor.default\">\n\t\t\t\t<div class=\"elementor-widget-container\">\n\t\t\t\t\t\t\t\t\t<p>iXS \u00e8 un marchio noto per il suo efficace abbigliamento protettivo per motociclisti. Offrono un&#8217;ampia gamma di prodotti protettivi ed eleganti.<\/p>\n\t\t\t\t\t\t\t\t<\/div>\n\t\t\t\t<\/div>\n\t\t\t\t<\/div>\n\t\t\t\t\t<\/div>\n\t\t\t\t<\/div>\n\t\t\t\t<\/div>\n\t\t\t\t<\/div>\n\t\t","protected":false},"excerpt":{"rendered":"<p>Il casco \u00e8 indispensabile quando si guida una moto perch\u00e9 fornisce una protezione essenziale per la parte pi\u00f9 sensibile del corpo: la testa. In caso di caduta, possono prevenire gravi lesioni o addirittura conseguenze fatali. Proteggono inoltre dal vento e dalle intemperie, nonch\u00e9 dagli insetti e dallo sporco che possono penetrare nel viso durante il [&hellip;]<\/p>\n","protected":false},"author":1,"featured_media":0,"parent":2055,"menu_order":0,"comment_status":"closed","ping_status":"closed","template":"elementor_theme","meta":{"itsec_x_frame_options":"","footnotes":""},"class_list":["post-2092","page","type-page","status-publish","hentry"],"_links":{"self":[{"href":"https:\/\/moto-boutique-valais.ch\/it\/wp-json\/wp\/v2\/pages\/2092","targetHints":{"allow":["GET"]}}],"collection":[{"href":"https:\/\/moto-boutique-valais.ch\/it\/wp-json\/wp\/v2\/pages"}],"about":[{"href":"https:\/\/moto-boutique-valais.ch\/it\/wp-json\/wp\/v2\/types\/page"}],"author":[{"embeddable":true,"href":"https:\/\/moto-boutique-valais.ch\/it\/wp-json\/wp\/v2\/users\/1"}],"replies":[{"embeddable":true,"href":"https:\/\/moto-boutique-valais.ch\/it\/wp-json\/wp\/v2\/comments?post=2092"}],"version-history":[{"count":2,"href":"https:\/\/moto-boutique-valais.ch\/it\/wp-json\/wp\/v2\/pages\/2092\/revisions"}],"predecessor-version":[{"id":2422,"href":"https:\/\/moto-boutique-valais.ch\/it\/wp-json\/wp\/v2\/pages\/2092\/revisions\/2422"}],"up":[{"embeddable":true,"href":"https:\/\/moto-boutique-valais.ch\/it\/wp-json\/wp\/v2\/pages\/2055"}],"wp:attachment":[{"href":"https:\/\/moto-boutique-valais.ch\/it\/wp-json\/wp\/v2\/media?parent=2092"}],"curies":[{"name":"wp","href":"https:\/\/api.w.org\/{rel}","templated":true}]}}